{"id":20504,"date":"2021-11-22T17:22:58","date_gmt":"2021-11-22T17:22:58","guid":{"rendered":"https:\/\/lara-app.com\/?page_id=20504"},"modified":"2025-06-10T14:03:36","modified_gmt":"2025-06-10T14:03:36","slug":"politique-de-confidentialite","status":"publish","type":"page","link":"https:\/\/lara-app.com\/fr\/politique-de-confidentialite\/","title":{"rendered":"politique de confidentialit\u00e9"},"content":{"rendered":"<div class=\"wpb-content-wrapper\"><p>[vc_row][vc_column][vc_column_text css=&#8221;&#8221;]<\/p>\r\n<p>&nbsp;<\/p>\r\n<p>Nous nous r\u00e9jouissons de l&#8217;int\u00e9r\u00eat que vous portez \u00e0 notre entreprise. La protection des donn\u00e9es rev\u00eat une importance particuli\u00e8re pour la direction de LARA e.U. Georg Kronthaler. L&#8217;utilisation du site web de LARA e.U. Georg Kronthaler est g\u00e9n\u00e9ralement possible sans fournir de donn\u00e9es personnelles. Toutefois, si une personne concern\u00e9e souhaite utiliser des services sp\u00e9cifiques propos\u00e9s par notre entreprise via notre site web, le traitement de donn\u00e9es personnelles peut \u00eatre n\u00e9cessaire. Si le traitement de donn\u00e9es personnelles est n\u00e9cessaire et qu&#8217;il n&#8217;existe aucune base l\u00e9gale pour un tel traitement, nous obtenons g\u00e9n\u00e9ralement le consentement de la personne concern\u00e9e.<\/p>\r\n<p>Le traitement des donn\u00e9es personnelles, telles que le nom, l&#8217;adresse, l&#8217;adresse e-mail ou le num\u00e9ro de t\u00e9l\u00e9phone d&#8217;une personne concern\u00e9e, doit toujours \u00eatre conforme au R\u00e8glement g\u00e9n\u00e9ral sur la protection des donn\u00e9es (RGPD) et aux r\u00e9glementations nationales en mati\u00e8re de protection des donn\u00e9es applicables \u00e0 LARA e.U. Georg Kronthaler. Par la pr\u00e9sente d\u00e9claration de protection des donn\u00e9es, notre entreprise souhaite informer le public de la nature, de la port\u00e9e et de la finalit\u00e9 des donn\u00e9es personnelles que nous collectons, utilisons et traitons. De plus, les personnes concern\u00e9es sont inform\u00e9es de leurs droits par la pr\u00e9sente d\u00e9claration de protection des donn\u00e9es.<\/p>\r\n<p>LARA e.U. En tant que responsable du traitement, Georg Kronthaler a mis en \u0153uvre de nombreuses mesures techniques et organisationnelles pour assurer la protection la plus compl\u00e8te des donn\u00e9es personnelles trait\u00e9es via ce site web. Cependant, les transmissions de donn\u00e9es par Internet peuvent, en principe, pr\u00e9senter des failles de s\u00e9curit\u00e9\u00a0; une protection absolue ne peut donc \u00eatre garantie. C&#8217;est pourquoi chaque personne concern\u00e9e est libre de nous transmettre des donn\u00e9es personnelles par d&#8217;autres moyens, par exemple par t\u00e9l\u00e9phone.<\/p>\r\n<p>&nbsp;<\/p>\r\n<p><!-- \/wp:post-content -->\u00a0<\/p>\r\n<!-- wp:heading {\"level\":4} -->\r\n<h4>1. D\u00e9finitions<\/h4>\r\n<!-- \/wp:heading -->\r\n<p>La politique de confidentialit\u00e9 de LARA e.U. Georg Kronthaler repose sur les termes utilis\u00e9s par le l\u00e9gislateur europ\u00e9en lors de l&#8217;adoption du R\u00e8glement g\u00e9n\u00e9ral sur la protection des donn\u00e9es (RGPD). Notre politique de confidentialit\u00e9 se veut lisible et compr\u00e9hensible pour le public, ainsi que pour nos clients et partenaires commerciaux. \u00c0 cette fin, nous souhaitons expliquer au pr\u00e9alable les termes utilis\u00e9s.<\/p>\r\n<p>Dans la pr\u00e9sente politique de confidentialit\u00e9, nous utilisons, entre autres, les termes suivants\u00a0:<\/p>\r\n<p><!-- \/wp:paragraph -->\u00a0<\/p>\r\n<!-- wp:list -->\r\n<ul>\r\n<li>a)\u00a0 Donn\u00e9es personnelles\u00a0: les donn\u00e9es personnelles sont toute information se rapportant \u00e0 une personne physique identifi\u00e9e ou identifiable (ci-apr\u00e8s d\u00e9nomm\u00e9e \u00ab\u00a0personne concern\u00e9e\u00a0\u00bb). Est r\u00e9put\u00e9e identifiable une personne physique qui peut \u00eatre identifi\u00e9e, directement ou indirectement, notamment par r\u00e9f\u00e9rence \u00e0 un identifiant, tel qu&#8217;un nom, un num\u00e9ro d&#8217;identification, des donn\u00e9es de localisation, un identifiant en ligne, ou \u00e0 un ou plusieurs \u00e9l\u00e9ments sp\u00e9cifiques propres \u00e0 son identit\u00e9 physique, physiologique, g\u00e9n\u00e9tique, psychique, \u00e9conomique, culturelle ou sociale.<\/li>\r\n<li>b)\u00a0 Personne concern\u00e9eUne \u200b\u200bpersonne concern\u00e9e est toute personne physique identifi\u00e9e ou identifiable dont les donn\u00e9es \u00e0 caract\u00e8re personnel sont trait\u00e9es par le responsable du traitement.<\/li>\r\n<li>c)\u00a0 TraitementLe traitement est toute op\u00e9ration ou tout ensemble d&#8217;op\u00e9rations effectu\u00e9es ou non \u00e0 l&#8217;aide de proc\u00e9d\u00e9s automatis\u00e9s et appliqu\u00e9es \u00e0 des donn\u00e9es ou des ensembles de donn\u00e9es \u00e0 caract\u00e8re personnel, telles que la collecte, l&#8217;enregistrement, l&#8217;organisation, la structuration, la conservation, l&#8217;adaptation ou la modification, l&#8217;extraction, la consultation, l&#8217;utilisation, la communication par transmission, la diffusion ou toute autre forme de mise \u00e0 disposition, le rapprochement ou l&#8217;interconnexion, la limitation, l&#8217;effacement ou la destruction.<\/li>\r\n<li>d)\u00a0 Limitation du traitementLa limitation du traitement est le marquage des donn\u00e9es personnelles stock\u00e9es dans le but de limiter leur traitement futur.<\/li>\r\n<li>e)\u00a0 ProfilageLe profilage est toute forme de traitement automatis\u00e9 de donn\u00e9es \u00e0 caract\u00e8re personnel consistant \u00e0 utiliser ces donn\u00e9es pour \u00e9valuer certains aspects personnels relatifs \u00e0 une personne physique, notamment pour analyser ou pr\u00e9dire des \u00e9l\u00e9ments concernant le rendement au travail, la situation \u00e9conomique, la sant\u00e9, les pr\u00e9f\u00e9rences personnelles, les int\u00e9r\u00eats, la fiabilit\u00e9, le comportement, la localisation ou les d\u00e9placements de cette personne physique.<\/li>\r\n<li>f)\u00a0 \u00a0 PseudonymisationLa pseudonymisation est le traitement de donn\u00e9es \u00e0 caract\u00e8re personnel de telle mani\u00e8re que celles-ci ne puissent plus \u00eatre attribu\u00e9es \u00e0 une personne concern\u00e9e pr\u00e9cise sans avoir recours \u00e0 des informations suppl\u00e9mentaires, \u00e0 condition que ces informations suppl\u00e9mentaires soient conserv\u00e9es s\u00e9par\u00e9ment et soumises \u00e0 des mesures techniques et organisationnelles afin de garantir que les donn\u00e9es \u00e0 caract\u00e8re personnel ne soient pas attribu\u00e9es \u00e0 une personne physique identifi\u00e9e ou identifiable.<\/li>\r\n<li>g)\u00a0 Le responsable du traitement est la personne physique ou morale, l&#8217;autorit\u00e9 publique, le service ou tout autre organisme qui, seul ou conjointement avec d&#8217;autres, d\u00e9termine les finalit\u00e9s et les moyens du traitement des donn\u00e9es \u00e0 caract\u00e8re personnel. Lorsque les finalit\u00e9s et les moyens de ce traitement sont d\u00e9termin\u00e9s par le droit de l&#8217;Union ou le droit d&#8217;un \u00c9tat membre, le responsable du traitement ou les crit\u00e8res sp\u00e9cifiques de sa d\u00e9signation peuvent \u00eatre pr\u00e9vus par le droit de l&#8217;Union ou le droit d&#8217;un \u00c9tat membre.<\/li>\r\n<li>h)\u00a0 Sous-traitant Un sous-traitant est une personne physique ou morale, une autorit\u00e9 publique, une agence ou un autre organisme qui traite des donn\u00e9es \u00e0 caract\u00e8re personnel pour le compte du responsable du traitement.<\/li>\r\n<li>i)\u00a0 \u00a0Destinataire\u00a0: Un destinataire est une personne physique ou morale, une autorit\u00e9 publique, un service ou un autre organisme auquel des donn\u00e9es \u00e0 caract\u00e8re personnel sont communiqu\u00e9es, qu&#8217;il s&#8217;agisse ou non d&#8217;un tiers. Toutefois, les autorit\u00e9s publiques susceptibles de recevoir communication de donn\u00e9es \u00e0 caract\u00e8re personnel dans le cadre d&#8217;une enqu\u00eate particuli\u00e8re conform\u00e9ment au droit de l&#8217;Union ou du droit des \u00c9tats membres ne sont pas consid\u00e9r\u00e9es comme des destinataires.<\/li>\r\n<li>j)\u00a0 \u00a0 TiersUn tiers est une personne physique ou morale, une autorit\u00e9 publique, un service ou un organisme autre que la personne concern\u00e9e, le responsable du traitement, le sous-traitant et les personnes qui, plac\u00e9es sous l&#8217;autorit\u00e9 directe du responsable du traitement ou du sous-traitant, sont autoris\u00e9es \u00e0 traiter les donn\u00e9es \u00e0 caract\u00e8re personnel.<\/li>\r\n<li>k)\u00a0 ConsentementLe consentement est toute manifestation de volont\u00e9, libre, sp\u00e9cifique, \u00e9clair\u00e9e et univoque de la part de la personne concern\u00e9e, sous la forme d&#8217;une d\u00e9claration ou d&#8217;un autre acte confirmatif univoque par lequel la personne concern\u00e9e signifie son accord au traitement des donn\u00e9es \u00e0 caract\u00e8re personnel la concernant.<\/li>\r\n<\/ul>\r\n<p><!-- \/wp:list -->\u00a0<\/p>\r\n<!-- wp:heading {\"level\":4} -->\r\n<h4>2. Nom et adresse du responsable du traitement<\/h4>\r\n<!-- \/wp:heading -->\r\n<p><!-- wp:paragraph -->Le responsable du traitement au sens du r\u00e8glement g\u00e9n\u00e9ral sur la protection des donn\u00e9es, d&#8217;autres lois sur la protection des donn\u00e9es applicables dans les \u00c9tats membres de l&#8217;Union europ\u00e9enne et d&#8217;autres dispositions relatives \u00e0 la protection des donn\u00e9es est :<\/p>\r\n<!-- \/wp:paragraph -->\r\n<p><!-- wp:paragraph -->LARA e.U. Georg Kronthaler<\/p>\r\n<!-- \/wp:paragraph -->\r\n<p><!-- wp:paragraph -->Hausern 22<\/p>\r\n<!-- \/wp:paragraph -->\r\n<p><!-- wp:paragraph -->6346 NIEDERNDORFERBERG<\/p>\r\n<!-- \/wp:paragraph -->\r\n<p><!-- wp:paragraph -->\u00d6STERREICH<\/p>\r\n<!-- \/wp:paragraph -->\r\n<p><!-- wp:paragraph -->T\u00e9l..: +43 670 4044488<\/p>\r\n<!-- \/wp:paragraph -->\r\n<p><!-- wp:paragraph -->E-Mail: info@lara-app.com<\/p>\r\n<!-- \/wp:paragraph -->\r\n<p><!-- wp:paragraph -->Site web: www.weltderberge.com<\/p>\r\n<p><!-- \/wp:paragraph -->\u00a0<\/p>\r\n<!-- wp:heading {\"level\":4} -->\r\n<h4>3. Cookies<\/h4>\r\n<!-- \/wp:heading -->\r\n<p>Le site web de LARA e.U. Georg Kronthaler utilise des cookies. Les cookies sont des fichiers texte plac\u00e9s et stock\u00e9s sur un syst\u00e8me informatique via un navigateur internet.<\/p>\r\n<p>De nombreux sites web et serveurs utilisent des cookies. Beaucoup de cookies contiennent un identifiant de cookie. Un identifiant de cookie est un identifiant unique pour le cookie. Il consiste en une cha\u00eene de caract\u00e8res permettant aux sites web et aux serveurs d&#8217;associer le navigateur internet sp\u00e9cifique dans lequel le cookie a \u00e9t\u00e9 stock\u00e9. Cela permet aux sites web et aux serveurs consult\u00e9s de distinguer le navigateur de la personne concern\u00e9e des autres navigateurs internet contenant d&#8217;autres cookies. Un navigateur internet sp\u00e9cifique peut \u00eatre reconnu et identifi\u00e9 gr\u00e2ce \u00e0 l&#8217;identifiant de cookie unique.<\/p>\r\n<p>L&#8217;utilisation de cookies permet \u00e0 LARA e.U. Georg Kronthaler de fournir aux utilisateurs de ce site web des services plus conviviaux, ce qui ne serait pas possible sans l&#8217;utilisation de cookies.<\/p>\r\n<p>Les cookies peuvent \u00eatre utilis\u00e9s pour optimiser les informations et les offres de notre site web au b\u00e9n\u00e9fice de l&#8217;utilisateur. Comme mentionn\u00e9 pr\u00e9c\u00e9demment, les cookies nous permettent de reconna\u00eetre les utilisateurs de notre site web. Cette reconnaissance a pour but de faciliter l&#8217;utilisation de notre site web. Par exemple, l&#8217;utilisateur d&#8217;un site web utilisant des cookies n&#8217;a pas besoin de saisir ses identifiants de connexion \u00e0 chaque visite, car cette op\u00e9ration est effectu\u00e9e par le site web et le cookie est stock\u00e9 sur son ordinateur. Un autre exemple est le cookie d&#8217;un panier d&#8217;achat dans une boutique en ligne. La boutique en ligne m\u00e9morise les articles plac\u00e9s dans le panier virtuel par le biais d&#8217;un cookie.<\/p>\r\n<p>La personne concern\u00e9e peut \u00e0 tout moment emp\u00eacher l&#8217;installation de cookies par notre site web en param\u00e9trant son navigateur et ainsi refuser d\u00e9finitivement l&#8217;installation de cookies. De plus, les cookies d\u00e9j\u00e0 install\u00e9s peuvent \u00eatre supprim\u00e9s \u00e0 tout moment via un navigateur web ou d&#8217;autres logiciels. Cette op\u00e9ration est possible sur tous les navigateurs web courants. Si la personne concern\u00e9e d\u00e9sactive les cookies dans son navigateur web, il est possible que toutes les fonctionnalit\u00e9s de notre site web ne soient pas disponibles.<\/p>\r\n<p><!-- \/wp:paragraph -->\u00a0<\/p>\r\n<!-- wp:heading {\"level\":4} -->\r\n<h4>4. Collecte de donn\u00e9es et d&#8217;informations g\u00e9n\u00e9rales<\/h4>\r\n<!-- \/wp:heading -->\r\n<p>Le site web de LARA e.U. Georg Kronthaler collecte une s\u00e9rie de donn\u00e9es et d&#8217;informations g\u00e9n\u00e9rales \u00e0 chaque consultation du site par une personne concern\u00e9e ou un syst\u00e8me automatis\u00e9. Ces donn\u00e9es et informations g\u00e9n\u00e9rales sont stock\u00e9es dans les fichiers journaux du serveur. Les donn\u00e9es suivantes peuvent \u00eatre collect\u00e9es\u00a0: (1) les types et versions de navigateurs utilis\u00e9s\u00a0; (2) le syst\u00e8me d&#8217;exploitation utilis\u00e9 par le syst\u00e8me d&#8217;acc\u00e8s\u00a0; (3) le site web \u00e0 partir duquel un syst\u00e8me d&#8217;acc\u00e8s acc\u00e8de \u00e0 notre site web (appel\u00e9s r\u00e9f\u00e9rents)\u00a0; (4) les sous-sites web consult\u00e9s via un syst\u00e8me d&#8217;acc\u00e8s sur notre site web\u00a0; (5) la date et l&#8217;heure d&#8217;acc\u00e8s au site web\u00a0; (6) une adresse de protocole Internet (adresse IP)\u00a0; (7) le fournisseur d&#8217;acc\u00e8s Internet du syst\u00e8me d&#8217;acc\u00e8s\u00a0; et (8) d&#8217;autres donn\u00e9es et informations similaires permettant de pr\u00e9venir les risques en cas d&#8217;attaques contre nos syst\u00e8mes informatiques.<\/p>\r\n<p>L&#8217;utilisation de ces donn\u00e9es et informations g\u00e9n\u00e9rales ne permet \u00e0 LARA e.U. Georg Kronthaler de tirer aucune conclusion sur la personne concern\u00e9e. Ces informations sont plut\u00f4t n\u00e9cessaires pour (1) diffuser correctement le contenu de notre site web, (2) optimiser le contenu de notre site web et sa publicit\u00e9, (3) garantir la fonctionnalit\u00e9 \u00e0 long terme de nos syst\u00e8mes informatiques et de la technologie de notre site web, et (4) fournir aux autorit\u00e9s charg\u00e9es de l&#8217;application de la loi les informations n\u00e9cessaires aux poursuites p\u00e9nales en cas de cyberattaque. Ces donn\u00e9es et informations collect\u00e9es anonymement sont donc \u00e9valu\u00e9es par LARA e.U. Georg Kronthaler, \u00e0 la fois statistiquement et dans le but d&#8217;accro\u00eetre la protection et la s\u00e9curit\u00e9 des donn\u00e9es au sein de notre entreprise, afin de garantir un niveau optimal de protection des donn\u00e9es personnelles que nous traitons. Les donn\u00e9es anonymes contenues dans les fichiers journaux du serveur sont stock\u00e9es s\u00e9par\u00e9ment de toutes les donn\u00e9es personnelles fournies par une personne concern\u00e9e.<\/p>\r\n<p><!-- \/wp:paragraph -->\u00a0<\/p>\r\n<!-- wp:heading {\"level\":4} -->\r\n<h4>5. Possibilit\u00e9 de contact via le site internet<\/h4>\r\n<!-- \/wp:heading -->\r\n<p><!-- wp:paragraph -->Conform\u00e9ment \u00e0 la l\u00e9gislation, le site web de LARA e.U. Georg Kronthaler contient des informations permettant un contact \u00e9lectronique rapide et direct avec notre entreprise, notamment une adresse \u00e9lectronique g\u00e9n\u00e9rale (adresse e-mail). Si une personne concern\u00e9e contacte le responsable du traitement par e-mail ou via un formulaire de contact, les donn\u00e9es personnelles transmises par la personne concern\u00e9e sont automatiquement enregistr\u00e9es. Les donn\u00e9es personnelles transmises volontairement par une personne concern\u00e9e au responsable du traitement sont conserv\u00e9es \u00e0 des fins de traitement ou de prise de contact avec la personne concern\u00e9e. Ces donn\u00e9es personnelles ne sont pas transmises \u00e0 des tiers.<\/p>\r\n<p><!-- \/wp:paragraph -->\u00a0<\/p>\r\n<!-- wp:heading {\"level\":4} -->\r\n<h4>6. Fonction de commentaire dans le blog du site Web<\/h4>\r\n<!-- \/wp:heading -->\r\n<p>LARA e.U. Georg Kronthaler offre aux utilisateurs la possibilit\u00e9 de laisser des commentaires individuels sur des articles de blog publi\u00e9s sur le site web du responsable du traitement. Un blog est un portail h\u00e9berg\u00e9 sur un site web, g\u00e9n\u00e9ralement accessible au public, sur lequel une ou plusieurs personnes, appel\u00e9es blogueurs, peuvent publier des articles ou exprimer leurs r\u00e9flexions dans des articles de blog. Ces articles peuvent g\u00e9n\u00e9ralement \u00eatre comment\u00e9s par des tiers.<\/p>\r\n<p>Si une personne concern\u00e9e laisse un commentaire sur le blog publi\u00e9 sur ce site web, outre les commentaires laiss\u00e9s par la personne concern\u00e9e, des informations sur l&#8217;heure du commentaire et le nom d&#8217;utilisateur (pseudonyme) choisi par la personne concern\u00e9e sont enregistr\u00e9es et publi\u00e9es. De plus, l&#8217;adresse IP attribu\u00e9e par le fournisseur d&#8217;acc\u00e8s \u00e0 Internet (FAI) \u00e0 la personne concern\u00e9e est enregistr\u00e9e. Cette conservation de l&#8217;adresse IP est effectu\u00e9e pour des raisons de s\u00e9curit\u00e9 et dans le cas o\u00f9 la personne concern\u00e9e violerait les droits de tiers ou publierait un contenu ill\u00e9gal par le biais d&#8217;un commentaire. La conservation de ces donn\u00e9es personnelles est donc dans l&#8217;int\u00e9r\u00eat du responsable du traitement, afin de lui permettre de se disculper en cas de violation de la loi. Les donn\u00e9es personnelles collect\u00e9es ne seront pas transmises \u00e0 des tiers, sauf si la divulgation est requise par la loi ou sert la d\u00e9fense juridique du responsable du traitement.<\/p>\r\n<p><!-- \/wp:paragraph -->\u00a0<\/p>\r\n<!-- wp:heading {\"level\":4} -->\r\n<h4>7. Suppression et blocage syst\u00e9matiques des donn\u00e9es personnelles<\/h4>\r\n<!-- \/wp:heading -->\r\n<p>Le responsable du traitement traite et conserve les donn\u00e9es \u00e0 caract\u00e8re personnel de la personne concern\u00e9e uniquement pendant la dur\u00e9e n\u00e9cessaire \u00e0 la r\u00e9alisation de la finalit\u00e9 de conservation, ou dans la mesure o\u00f9 cela est pr\u00e9vu par le l\u00e9gislateur europ\u00e9en ou un autre l\u00e9gislateur dans les lois ou r\u00e8glements auxquels le responsable du traitement est soumis.<\/p>\r\n<p>Si la finalit\u00e9 de conservation cesse d&#8217;\u00eatre applicable, ou si une p\u00e9riode de conservation prescrite par le l\u00e9gislateur europ\u00e9en ou un autre l\u00e9gislateur comp\u00e9tent expire, les donn\u00e9es \u00e0 caract\u00e8re personnel sont syst\u00e9matiquement bloqu\u00e9es ou supprim\u00e9es conform\u00e9ment aux exigences l\u00e9gales.<\/p>\r\n<p><!-- \/wp:paragraph -->\u00a0<\/p>\r\n<!-- wp:heading {\"level\":4} -->\r\n<h4>8. Droits de la personne concern\u00e9e<\/h4>\r\n<p><!-- \/wp:heading -->\u00a0<\/p>\r\n<!-- wp:list -->\r\n<ul>\r\n<li>a)\u00a0 Droit de confirmation\u00a0: Toute personne concern\u00e9e a le droit, accord\u00e9 par le l\u00e9gislateur europ\u00e9en, d&#8217;obtenir du responsable du traitement la confirmation que des donn\u00e9es \u00e0 caract\u00e8re personnel la concernant sont ou ne sont pas trait\u00e9es. Si elle souhaite exercer ce droit de confirmation, elle peut, \u00e0 tout moment, contacter un collaborateur du responsable du traitement.<\/li>\r\n<li>b)\u00a0 Droit \u00e0 l&#8217;information : Toute personne concern\u00e9e par le traitement de donn\u00e9es \u00e0 caract\u00e8re personnel a le droit, accord\u00e9 par le l\u00e9gislateur europ\u00e9en, d&#8217;obtenir du responsable du traitement, \u00e0 tout moment, gratuitement, des informations sur les donn\u00e9es \u00e0 caract\u00e8re personnel la concernant conserv\u00e9es, ainsi qu&#8217;une copie de ces informations. En outre, le l\u00e9gislateur europ\u00e9en a accord\u00e9 \u00e0 la personne concern\u00e9e l&#8217;acc\u00e8s aux informations suivantes :\r\n<ul>\r\n<li>les finalit\u00e9s du traitement<\/li>\r\n<li>les cat\u00e9gories de donn\u00e9es personnelles trait\u00e9es<\/li>\r\n<li>les destinataires ou cat\u00e9gories de destinataires auxquels les donn\u00e9es \u00e0 caract\u00e8re personnel ont \u00e9t\u00e9 ou seront communiqu\u00e9es, notamment les destinataires dans des pays tiers ou les organisations internationales<\/li>\r\n<li>si possible, la dur\u00e9e envisag\u00e9e pour laquelle les donn\u00e9es personnelles seront conserv\u00e9es ou, lorsque ce n&#8217;est pas possible, les crit\u00e8res utilis\u00e9s pour d\u00e9terminer cette dur\u00e9e<\/li>\r\n<li>l&#8217;existence d&#8217;un droit de rectification ou d&#8217;effacement des donn\u00e9es \u00e0 caract\u00e8re personnel les concernant ou de limitation du traitement par le responsable du traitement ou d&#8217;un droit d&#8217;opposition \u00e0 un tel traitement<\/li>\r\n<li>l&#8217;existence d&#8217;un droit de r\u00e9clamation aupr\u00e8s d&#8217;une autorit\u00e9 de contr\u00f4le<\/li>\r\n<li>si les donn\u00e9es personnelles ne sont pas collect\u00e9es aupr\u00e8s de la personne concern\u00e9e : toutes les informations disponibles sur l&#8217;origine des donn\u00e9es<\/li>\r\n<li>l&#8217;existence d&#8217;une prise de d\u00e9cision automatis\u00e9e, y compris le profilage, vis\u00e9e \u00e0 l&#8217;article 22 (1) et (4) du RGPD et, au moins dans ces cas, des informations utiles sur la logique sous-jacente, ainsi que sur l&#8217;importance et les cons\u00e9quences envisag\u00e9es d&#8217;un tel traitement pour la personne concern\u00e9e<\/li>\r\n<\/ul>\r\n<p>En outre, la personne concern\u00e9e a le droit d&#8217;\u00eatre inform\u00e9e si des donn\u00e9es personnelles ont \u00e9t\u00e9 transf\u00e9r\u00e9es vers un pays tiers ou \u00e0 une organisation internationale. Si tel est le cas, elle a \u00e9galement le droit d&#8217;obtenir des informations sur les garanties appropri\u00e9es li\u00e9es \u00e0 ce transfert. Si elle souhaite exercer ce droit d&#8217;acc\u00e8s, elle peut contacter un collaborateur du responsable du traitement \u00e0 tout moment.<\/p>\r\n<\/li>\r\n<li>c)\u00a0 Droit de rectification\u00a0: Toute personne concern\u00e9e par le traitement de donn\u00e9es \u00e0 caract\u00e8re personnel a le droit, accord\u00e9 par le l\u00e9gislateur europ\u00e9en, de demander la rectification imm\u00e9diate des donn\u00e9es \u00e0 caract\u00e8re personnel la concernant qui sont inexactes. En outre, la personne concern\u00e9e a le droit, compte tenu des finalit\u00e9s du traitement, de demander que les donn\u00e9es \u00e0 caract\u00e8re personnel incompl\u00e8tes soient compl\u00e9t\u00e9es, y compris en fournissant une d\u00e9claration compl\u00e9mentaire. Si une personne concern\u00e9e souhaite exercer ce droit de rectification, elle peut contacter \u00e0 tout moment un collaborateur du responsable du traitement.<\/li>\r\n<li>d)\u00a0 Droit \u00e0 l&#8217;effacement (droit \u00e0 l&#8217;oubli) Toute personne concern\u00e9e par le traitement de donn\u00e9es \u00e0 caract\u00e8re personnel a le droit accord\u00e9 par le l\u00e9gislateur europ\u00e9en de demander au responsable du traitement d&#8217;effacer les donn\u00e9es \u00e0 caract\u00e8re personnel la concernant dans les meilleurs d\u00e9lais, \u00e0 condition que l&#8217;une des raisons suivantes s&#8217;applique et dans la mesure o\u00f9 le traitement n&#8217;est pas n\u00e9cessaire :\r\n<ul>\r\n<li>Les donn\u00e9es personnelles ont \u00e9t\u00e9 collect\u00e9es ou trait\u00e9es d\u2019une autre mani\u00e8re \u00e0 des fins pour lesquelles elles ne sont plus n\u00e9cessaires.<\/li>\r\n<li>La personne concern\u00e9e retire son consentement sur lequel est fond\u00e9 le traitement conform\u00e9ment \u00e0 l&#8217;article 6, paragraphe 1, point a), du RGPD ou \u00e0 l&#8217;article 9, paragraphe 2, point a), du RGPD, et il n&#8217;existe aucun autre fondement juridique au traitement.<\/li>\r\n<li>La personne concern\u00e9e s&#8217;oppose au traitement conform\u00e9ment \u00e0 l&#8217;art. 21 (1) du RGPD et il n&#8217;existe pas de motif l\u00e9gitime imp\u00e9rieux pour le traitement, ou la personne concern\u00e9e s&#8217;oppose au traitement conform\u00e9ment \u00e0 l&#8217;art. 21 (2) du RGPD.<\/li>\r\n<li>Les donn\u00e9es personnelles ont \u00e9t\u00e9 trait\u00e9es ill\u00e9galement.<\/li>\r\n<li>L\u2019effacement des donn\u00e9es \u00e0 caract\u00e8re personnel est n\u00e9cessaire pour remplir une obligation l\u00e9gale en vertu du droit de l\u2019Union ou du droit d\u2019un \u00c9tat membre \u00e0 laquelle le responsable du traitement est soumis.<\/li>\r\n<li>Les donn\u00e9es personnelles ont \u00e9t\u00e9 collect\u00e9es dans le cadre des services de la soci\u00e9t\u00e9 de l&#8217;information propos\u00e9s conform\u00e9ment \u00e0 l&#8217;article 8 (1) du RGPD.<\/li>\r\n<\/ul>\r\n<p>Si l&#8217;une des raisons susmentionn\u00e9es s&#8217;applique et qu&#8217;une personne concern\u00e9e souhaite demander l&#8217;effacement de donn\u00e9es personnelles stock\u00e9es par LARA e.U. Georg Kronthaler, elle peut contacter \u00e0 tout moment un collaborateur du responsable du traitement. Ce collaborateur veillera \u00e0 ce que la demande d&#8217;effacement soit imm\u00e9diatement satisfaite. Si les donn\u00e9es personnelles ont \u00e9t\u00e9 rendues publiques par LARA e.U. Georg Kronthaler et que notre soci\u00e9t\u00e9, en tant que responsable du traitement conform\u00e9ment \u00e0 l&#8217;article 17, paragraphe 1, du RGPD, est tenue de les effacer, LARA e.U. Georg Kronthaler prendra les mesures appropri\u00e9es, y compris techniques, compte tenu des technologies disponibles et des co\u00fbts de mise en \u0153uvre, afin d&#8217;informer les autres responsables du traitement des donn\u00e9es personnelles publi\u00e9es que la personne concern\u00e9e a demand\u00e9 l&#8217;effacement par ces responsables de tous les liens vers ces donn\u00e9es personnelles ou de leurs copies ou reproductions, sauf si leur traitement est requis. Le collaborateur de LARA e.U. Georg Kronthaler prendra les mesures n\u00e9cessaires au cas par cas.<\/p>\r\n<\/li>\r\n<li>e)\u00a0 Droit \u00e0 la limitation du traitementToute personne concern\u00e9e par le traitement de donn\u00e9es \u00e0 caract\u00e8re personnel a le droit accord\u00e9 par le l\u00e9gislateur europ\u00e9en de demander au responsable du traitement de limiter le traitement si l&#8217;une des conditions suivantes s&#8217;applique :\r\n<ul>\r\n<li>L&#8217;exactitude des donn\u00e9es \u00e0 caract\u00e8re personnel est contest\u00e9e par la personne concern\u00e9e, pendant une dur\u00e9e permettant au responsable du traitement de v\u00e9rifier l&#8217;exactitude des donn\u00e9es \u00e0 caract\u00e8re personnel.<\/li>\r\n<li>Le traitement est illicite, la personne concern\u00e9e s&#8217;oppose \u00e0 l&#8217;effacement des donn\u00e9es personnelles et demande \u00e0 la place la limitation de l&#8217;utilisation des donn\u00e9es personnelles.<\/li>\r\n<li>Le responsable du traitement n\u2019a plus besoin des donn\u00e9es \u00e0 caract\u00e8re personnel aux fins du traitement, mais la personne concern\u00e9e en a besoin pour faire valoir, exercer ou d\u00e9fendre des droits en justice.<\/li>\r\n<li>La personne concern\u00e9e s&#8217;est oppos\u00e9e au traitement conform\u00e9ment \u00e0 l&#8217;art. 21 (1) du RGPD et il n&#8217;a pas encore \u00e9t\u00e9 d\u00e9termin\u00e9 si les motifs l\u00e9gitimes poursuivis par le responsable du traitement pr\u00e9valent sur ceux de la personne concern\u00e9e.<\/li>\r\n<\/ul>\r\n<p>Si l&#8217;une des conditions susmentionn\u00e9es est remplie et qu&#8217;une personne concern\u00e9e souhaite demander la limitation du traitement de ses donn\u00e9es personnelles stock\u00e9es par LARA e.U. Georg Kronthaler, elle peut contacter \u00e0 tout moment un collaborateur du responsable du traitement. Ce collaborateur prendra les dispositions n\u00e9cessaires pour limiter le traitement.<\/p>\r\n<\/li>\r\n<li>f)\u00a0 Droit \u00e0 la portabilit\u00e9 des donn\u00e9es. Toute personne concern\u00e9e par le traitement de donn\u00e9es \u00e0 caract\u00e8re personnel a le droit, accord\u00e9 par le l\u00e9gislateur europ\u00e9en, de recevoir les donn\u00e9es \u00e0 caract\u00e8re personnel la concernant, fournies \u00e0 un responsable du traitement, dans un format structur\u00e9, couramment utilis\u00e9 et lisible par machine. Elle a \u00e9galement le droit de transmettre ces donn\u00e9es \u00e0 un autre responsable du traitement sans que le responsable du traitement auquel les donn\u00e9es \u00e0 caract\u00e8re personnel ont \u00e9t\u00e9 communiqu\u00e9es y fasse obstacle, \u00e0 condition que le traitement soit fond\u00e9 sur le consentement conform\u00e9ment \u00e0 l&#8217;article 6, paragraphe 1, point a), du RGPD ou \u00e0 l&#8217;article 9, paragraphe 2, point a), du RGPD, ou sur un contrat conform\u00e9ment \u00e0 l&#8217;article 6, paragraphe 1, point b), du RGPD et que le traitement soit effectu\u00e9 \u00e0 l&#8217;aide de proc\u00e9d\u00e9s automatis\u00e9s, sauf si le traitement est n\u00e9cessaire \u00e0 l&#8217;ex\u00e9cution d&#8217;une mission d&#8217;int\u00e9r\u00eat public ou relevant de l&#8217;exercice de l&#8217;autorit\u00e9 publique dont est investi le responsable du traitement. En outre, dans l&#8217;exercice de son droit \u00e0 la portabilit\u00e9 des donn\u00e9es conform\u00e9ment \u00e0 l&#8217;article 20, paragraphe 1, du RGPD, la personne concern\u00e9e a le droit d&#8217;obtenir que les donn\u00e9es \u00e0 caract\u00e8re personnel soient transmises directement d&#8217;un responsable du traitement \u00e0 un autre, lorsque cela est techniquement possible et lorsque cela ne porte pas atteinte aux droits et libert\u00e9s d&#8217;autrui. Afin de faire valoir son droit \u00e0 la portabilit\u00e9 des donn\u00e9es, la personne concern\u00e9e peut \u00e0 tout moment contacter n&#8217;importe quel employ\u00e9 de LARA e.U. Veuillez contacter Georg Kronthaler.<\/li>\r\n<li>g)\u00a0 Droit d&#8217;opposition : Toute personne concern\u00e9e par le traitement de donn\u00e9es \u00e0 caract\u00e8re personnel a le droit, accord\u00e9 par le l\u00e9gislateur europ\u00e9en, de s&#8217;opposer \u00e0 tout moment au traitement des donn\u00e9es \u00e0 caract\u00e8re personnel la concernant fond\u00e9 sur l&#8217;article 6, paragraphe 1, points e) ou f), du RGPD, pour des raisons tenant \u00e0 sa situation particuli\u00e8re. Ceci s&#8217;applique \u00e9galement au profilage fond\u00e9 sur ces dispositions. En cas d&#8217;opposition, LARA e.U. Georg Kronthaler ne traitera plus les donn\u00e9es \u00e0 caract\u00e8re personnel, sauf si nous pouvons d\u00e9montrer des motifs l\u00e9gitimes et imp\u00e9rieux pour le traitement qui pr\u00e9valent sur les int\u00e9r\u00eats, les droits et les libert\u00e9s de la personne concern\u00e9e, ou pour la constatation, l&#8217;exercice ou la d\u00e9fense de droits en justice. Si LARA e.U. Georg Kronthaler traite des donn\u00e9es \u00e0 caract\u00e8re personnel \u00e0 des fins de prospection commerciale, la personne concern\u00e9e a le droit de s&#8217;opposer \u00e0 tout moment au traitement des donn\u00e9es \u00e0 caract\u00e8re personnel la concernant \u00e0 de telles fins. Ceci s&#8217;applique \u00e9galement au profilage dans la mesure o\u00f9 il est li\u00e9 \u00e0 une telle prospection commerciale. Si la personne concern\u00e9e s&#8217;oppose \u00e0 LARA e.U. Fran\u00e7ais Si Georg Kronthaler traite les donn\u00e9es \u00e0 des fins de marketing direct, LARA e.U. Georg Kronthaler ne traitera plus les donn\u00e9es personnelles \u00e0 ces fins. En outre, la personne concern\u00e9e a le droit de s&#8217;opposer au traitement des donn\u00e9es personnelles la concernant par LARA e.U. Georg Kronthaler \u00e0 des fins de recherche scientifique ou historique ou \u00e0 des fins statistiques conform\u00e9ment \u00e0 l&#8217;article 89(1) du RGPD, pour des raisons li\u00e9es \u00e0 sa situation particuli\u00e8re, \u00e0 moins qu&#8217;un tel traitement ne soit n\u00e9cessaire \u00e0 l&#8217;ex\u00e9cution d&#8217;une mission effectu\u00e9e dans l&#8217;int\u00e9r\u00eat public. Pour exercer son droit d&#8217;opposition, la personne concern\u00e9e peut contacter n&#8217;importe quel employ\u00e9 de LARA e.U. Georg Kronthaler ou directement un autre employ\u00e9. En outre, la personne concern\u00e9e est libre d&#8217;exercer son droit d&#8217;opposition au moyen de proc\u00e9d\u00e9s automatis\u00e9s utilisant des sp\u00e9cifications techniques dans le cadre de l&#8217;utilisation de services de la soci\u00e9t\u00e9 de l&#8217;information, nonobstant la directive 2002\/58\/CE.<\/li>\r\n<li>h)\u00a0 D\u00e9cisions automatis\u00e9es au cas par cas, y compris le profilage. Toute personne concern\u00e9e par le traitement de donn\u00e9es \u00e0 caract\u00e8re personnel a le droit, accord\u00e9 par le l\u00e9gislateur europ\u00e9en, de ne pas faire l&#8217;objet d&#8217;une d\u00e9cision fond\u00e9e exclusivement sur un traitement automatis\u00e9, y compris le profilage, produisant des effets juridiques la concernant ou l&#8217;affectant de mani\u00e8re significative de fa\u00e7on similaire, \u00e0 condition que la d\u00e9cision (1) ne soit pas n\u00e9cessaire \u00e0 la conclusion ou \u00e0 l&#8217;ex\u00e9cution d&#8217;un contrat entre la personne concern\u00e9e et le responsable du traitement, ou (2) ne soit pas autoris\u00e9e par le droit de l&#8217;Union ou le droit de l&#8217;\u00c9tat membre auquel le responsable du traitement est soumis et qui pr\u00e9voit \u00e9galement des mesures appropri\u00e9es pour la sauvegarde des droits, libert\u00e9s et int\u00e9r\u00eats l\u00e9gitimes de la personne concern\u00e9e, ou (3) ne soit pas fond\u00e9e sur le consentement explicite de la personne concern\u00e9e. Si la d\u00e9cision (1) est n\u00e9cessaire \u00e0 la conclusion ou \u00e0 l&#8217;ex\u00e9cution d&#8217;un contrat entre la personne concern\u00e9e et le responsable du traitement, ou (2) est fond\u00e9e sur le consentement explicite de la personne concern\u00e9e, LARA e.U. Georg Kronthaler doit mettre en \u0153uvre des mesures appropri\u00e9es pour sauvegarder les droits et libert\u00e9s et les int\u00e9r\u00eats l\u00e9gitimes de la personne concern\u00e9e, y compris au moins le droit d&#8217;obtenir une intervention humaine de la part du responsable du traitement, d&#8217;exprimer son point de vue et de contester la d\u00e9cision. Si la personne concern\u00e9e souhaite exercer les droits relatifs \u00e0 la prise de d\u00e9cision automatis\u00e9e, elle peut, \u00e0 tout moment, contacter n&#8217;importe quel employ\u00e9 du responsable du traitement.<\/li>\r\n<li>i)\u00a0 \u00a0 Droit de retirer son consentement \u00e0 la loi sur la protection des donn\u00e9esToute personne concern\u00e9e par le traitement de donn\u00e9es \u00e0 caract\u00e8re personnel a le droit accord\u00e9 par le l\u00e9gislateur europ\u00e9en de retirer \u00e0 tout moment son consentement au traitement des donn\u00e9es \u00e0 caract\u00e8re personnel. Si la personne concern\u00e9e souhaite exercer son droit de retirer son consentement, elle peut contacter \u00e0 tout moment n&#8217;importe quel employ\u00e9 du responsable du traitement.<\/li>\r\n<\/ul>\r\n<p><!-- \/wp:list -->\u00a0<\/p>\r\n<!-- wp:heading {\"level\":4} -->\r\n<h4>9. Dispositions relatives \u00e0 la protection des donn\u00e9es concernant l&#8217;application et l&#8217;utilisation de Facebook<\/h4>\r\n<!-- \/wp:heading -->\r\n<p>Le responsable du traitement a int\u00e9gr\u00e9 des composants de la soci\u00e9t\u00e9 Facebook sur ce site web. Facebook est un r\u00e9seau social.<\/p>\r\n<p>Un r\u00e9seau social est un espace de rencontre social exploit\u00e9 sur Internet, une communaut\u00e9 en ligne qui permet g\u00e9n\u00e9ralement aux utilisateurs de communiquer entre eux et d&#8217;interagir dans un espace virtuel. Un r\u00e9seau social peut servir de plateforme d&#8217;\u00e9change d&#8217;opinions et d&#8217;exp\u00e9riences, ou permettre \u00e0 la communaut\u00e9 Internet de fournir des informations personnelles ou professionnelles. Facebook permet notamment aux utilisateurs de cr\u00e9er des profils priv\u00e9s, de t\u00e9l\u00e9charger des photos et de r\u00e9seauter via des demandes d&#8217;amis.<\/p>\r\n<p>L&#8217;exploitant de Facebook est Facebook, Inc., 1 Hacker Way, Menlo Park, CA 94025, \u00c9tats-Unis. Si une personne concern\u00e9e r\u00e9side hors des \u00c9tats-Unis ou du Canada, le responsable du traitement des donn\u00e9es personnelles est Facebook Ireland Ltd., 4 Grand Canal Square, Grand Canal Harbour, Dublin 2, Irlande.<\/p>\r\n<p>\u00c0 chaque consultation d&#8217;une page de ce site web, exploit\u00e9 par le responsable du traitement et sur lequel un composant Facebook (plug-in Facebook) a \u00e9t\u00e9 int\u00e9gr\u00e9, le navigateur Internet de la personne concern\u00e9e est automatiquement invit\u00e9 par le composant Facebook concern\u00e9 \u00e0 t\u00e9l\u00e9charger une repr\u00e9sentation du composant Facebook correspondant. Un aper\u00e7u de tous les plug-ins Facebook est disponible \u00e0 l&#8217;adresse https:\/\/developers.facebook.com\/docs\/plugins\/?locale=de_DE. Dans le cadre de ce processus technique, Facebook re\u00e7oit des informations sur la sous-page sp\u00e9cifique de notre site web visit\u00e9e par la personne concern\u00e9e.<\/p>\r\n<p>Si la personne concern\u00e9e est connect\u00e9e \u00e0 Facebook, Facebook reconna\u00eet la sous-page sp\u00e9cifique de notre site web visit\u00e9e par la personne concern\u00e9e \u00e0 chaque visite de notre site web et pendant toute la dur\u00e9e de sa visite. Ces informations sont collect\u00e9es par le composant Facebook et attribu\u00e9es par Facebook au compte Facebook de la personne concern\u00e9e. Si la personne concern\u00e9e clique sur l&#8217;un des boutons Facebook int\u00e9gr\u00e9s \u00e0 notre site web, par exemple le bouton \u00ab\u00a0J&#8217;aime\u00a0\u00bb, ou si elle publie un commentaire, Facebook associe cette information \u00e0 son compte utilisateur Facebook personnel et stocke les donn\u00e9es personnelles.<\/p>\r\n<p>Facebook est toujours inform\u00e9, via le composant Facebook, que la personne concern\u00e9e a visit\u00e9 notre site web, \u00e0 condition qu&#8217;elle soit connect\u00e9e \u00e0 Facebook au moment de l&#8217;acc\u00e8s \u00e0 notre site web\u00a0; ceci se produit ind\u00e9pendamment du fait que la personne concern\u00e9e clique ou non sur le composant Facebook. Si la personne concern\u00e9e ne souhaite pas que ces informations soient transmises \u00e0 Facebook, elle peut l&#8217;emp\u00eacher en se d\u00e9connectant de son compte Facebook avant d&#8217;acc\u00e9der \u00e0 notre site web.<\/p>\r\n<p>La politique de confidentialit\u00e9 publi\u00e9e par Facebook, accessible \u00e0 l&#8217;adresse https:\/\/de-de.facebook.com\/about\/privacy\/, fournit des informations sur la collecte, le traitement et l&#8217;utilisation des donn\u00e9es personnelles par Facebook. Elle explique \u00e9galement les options de param\u00e9trage propos\u00e9es par Facebook pour prot\u00e9ger la vie priv\u00e9e de la personne concern\u00e9e. Par ailleurs, diverses applications permettent de supprimer la transmission de donn\u00e9es \u00e0 Facebook. La personne concern\u00e9e peut utiliser ces applications pour supprimer la transmission de donn\u00e9es \u00e0 Facebook.<\/p>\r\n<p><!-- \/wp:paragraph -->\u00a0<\/p>\r\n<!-- wp:heading {\"level\":4} -->\r\n<h4>10. Dispositions relatives \u00e0 la protection des donn\u00e9es concernant l&#8217;application et l&#8217;utilisation de Google Analytics (avec fonction d&#8217;anonymisation)<\/h4>\r\n<!-- \/wp:heading -->\r\n<p>Le responsable du traitement a int\u00e9gr\u00e9 le composant Google Analytics (avec fonction d&#8217;anonymisation) sur ce site web. Google Analytics est un service d&#8217;analyse web. L&#8217;analyse web consiste \u00e0 collecter, rassembler et \u00e9valuer des donn\u00e9es sur le comportement des visiteurs d&#8217;un site web. Un service d&#8217;analyse web collecte, entre autres, des donn\u00e9es sur le site web \u00e0 partir duquel une personne concern\u00e9e a acc\u00e9d\u00e9 \u00e0 un site web (appel\u00e9s r\u00e9f\u00e9rents), les sous-pages consult\u00e9es, ainsi que la fr\u00e9quence et la dur\u00e9e de consultation de chaque sous-page. L&#8217;analyse web est principalement utilis\u00e9e pour optimiser un site web et pour l&#8217;analyse co\u00fbts-avantages de la publicit\u00e9 en ligne.<\/p>\r\n<p>L&#8217;exploitant du composant Google Analytics est Google Ireland Limited, Gordon House, Barrow Street, Dublin, D04 E5W5, Irlande.<\/p>\r\n<p>Le responsable du traitement utilise le suffixe \u00ab\u00a0_gat._anonymizeIp\u00a0\u00bb pour l&#8217;analyse web via Google Analytics. Gr\u00e2ce \u00e0 ce module compl\u00e9mentaire, l&#8217;adresse IP de la connexion internet de la personne concern\u00e9e est raccourcie et anonymis\u00e9e par Google si notre site web est consult\u00e9 depuis un \u00c9tat membre de l&#8217;Union europ\u00e9enne ou un autre \u00c9tat partie \u00e0 l&#8217;accord sur l&#8217;Espace \u00e9conomique europ\u00e9en.<\/p>\r\n<p>Le composant Google Analytics a pour objectif d&#8217;analyser les flux de visiteurs sur notre site web. Google utilise les donn\u00e9es et informations obtenues, entre autres, pour \u00e9valuer l&#8217;utilisation de notre site web, compiler des rapports en ligne pour nous pr\u00e9sentant les activit\u00e9s sur nos sites web et fournir d&#8217;autres services li\u00e9s \u00e0 l&#8217;utilisation de notre site web.<\/p>\r\n<p>Google Analytics installe un cookie sur le syst\u00e8me informatique de la personne concern\u00e9e. Les cookies ont d\u00e9j\u00e0 \u00e9t\u00e9 expliqu\u00e9s ci-dessus. L&#8217;installation de ce cookie permet \u00e0 Google d&#8217;analyser l&#8217;utilisation de notre site web. \u00c0 chaque consultation d&#8217;une page de ce site web, exploit\u00e9 par le responsable du traitement et sur lequel un composant Google Analytics a \u00e9t\u00e9 int\u00e9gr\u00e9, le navigateur Internet de la personne concern\u00e9e est automatiquement invit\u00e9 par le composant Google Analytics concern\u00e9 \u00e0 transmettre des donn\u00e9es \u00e0 Google \u00e0 des fins d&#8217;analyse en ligne. Dans le cadre de ce processus technique, Google re\u00e7oit des informations sur les donn\u00e9es personnelles, telles que l&#8217;adresse IP de la personne concern\u00e9e, que Google utilise, entre autres, pour retracer l&#8217;origine des visiteurs et des clics, et permettre ensuite le calcul des commissions.<\/p>\r\n<p>Les cookies sont utilis\u00e9s pour stocker des informations personnelles, telles que l&#8217;heure d&#8217;acc\u00e8s, le lieu d&#8217;acc\u00e8s et la fr\u00e9quence des visites de notre site web par la personne concern\u00e9e. \u00c0 chaque visite sur notre site web, ces donn\u00e9es personnelles, y compris l&#8217;adresse IP de la connexion internet utilis\u00e9e par la personne concern\u00e9e, sont transmises \u00e0 Google aux \u00c9tats-Unis. Ces donn\u00e9es personnelles sont stock\u00e9es par Google aux \u00c9tats-Unis. Google est susceptible de transmettre ces donn\u00e9es personnelles collect\u00e9es par ce proc\u00e9d\u00e9 technique \u00e0 des tiers.<\/p>\r\n<p>Comme indiqu\u00e9 pr\u00e9c\u00e9demment, la personne concern\u00e9e peut \u00e0 tout moment emp\u00eacher l&#8217;installation de cookies par notre site web en param\u00e9trant son navigateur internet et ainsi s&#8217;opposer d\u00e9finitivement \u00e0 l&#8217;installation de cookies. Un tel param\u00e9trage emp\u00eacherait \u00e9galement Google d&#8217;installer un cookie sur son syst\u00e8me informatique. De plus, un cookie d\u00e9j\u00e0 install\u00e9 par Google Analytics peut \u00eatre supprim\u00e9 \u00e0 tout moment via son navigateur internet ou d&#8217;autres logiciels.<\/p>\r\n<p>En outre, la personne concern\u00e9e a la possibilit\u00e9 de s&#8217;opposer \u00e0 la collecte des donn\u00e9es g\u00e9n\u00e9r\u00e9es par Google Analytics relatives \u00e0 l&#8217;utilisation de ce site web et au traitement de ces donn\u00e9es par Google, et d&#8217;emp\u00eacher ce traitement. Pour ce faire, la personne concern\u00e9e doit t\u00e9l\u00e9charger et installer un module compl\u00e9mentaire de navigateur disponible \u00e0 l&#8217;adresse https:\/\/tools.google.com\/dlpage\/gaoptout. Ce module compl\u00e9mentaire informe Google Analytics via JavaScript qu&#8217;aucune donn\u00e9e ni information relative aux visites de sites web ne peut \u00eatre transmise \u00e0 Google Analytics. L&#8217;installation de ce module compl\u00e9mentaire est consid\u00e9r\u00e9e comme une objection par Google. Si le syst\u00e8me informatique de la personne concern\u00e9e est ult\u00e9rieurement supprim\u00e9, format\u00e9 ou r\u00e9install\u00e9, la personne concern\u00e9e doit r\u00e9installer le module compl\u00e9mentaire pour d\u00e9sactiver Google Analytics. Si le module compl\u00e9mentaire est d\u00e9sactiv\u00e9 par la personne concern\u00e9e ou une autre personne sous son contr\u00f4le,<\/p>\r\n<p><!-- \/wp:paragraph -->\u00a0<\/p>\r\n<!-- wp:heading {\"level\":4} -->\r\n<h4>11. Dispositions relatives \u00e0 la protection des donn\u00e9es concernant l&#8217;application et l&#8217;utilisation de Google AdWords<\/h4>\r\n<!-- \/wp:heading -->\r\n<p>Le responsable du traitement a int\u00e9gr\u00e9 Google AdWords sur ce site web. Google AdWords est un service de publicit\u00e9 en ligne qui permet aux annonceurs de diffuser des annonces dans les r\u00e9sultats de recherche de Google et sur le r\u00e9seau publicitaire de Google. Google AdWords permet \u00e0 l&#8217;annonceur de pr\u00e9d\u00e9finir des mots cl\u00e9s sp\u00e9cifiques, qui afficheront ensuite une annonce dans les r\u00e9sultats de recherche de Google uniquement lorsque l&#8217;utilisateur obtient un r\u00e9sultat de recherche pertinent. Sur le r\u00e9seau publicitaire de Google, les annonces sont diffus\u00e9es sur des sites web pertinents gr\u00e2ce \u00e0 un algorithme automatique et en tenant compte des mots cl\u00e9s d\u00e9finis pr\u00e9c\u00e9demment.<\/p>\r\n<p>L&#8217;exploitant des services Google AdWords est Google Ireland Limited, Gordon House, Barrow Street, Dublin, D04 E5W5, Irlande.<\/p>\r\n<p>Google AdWords a pour objectif de promouvoir notre site web en affichant des publicit\u00e9s cibl\u00e9es sur les sites web de soci\u00e9t\u00e9s tierces et dans les r\u00e9sultats de recherche du moteur de recherche Google, ainsi qu&#8217;en affichant des publicit\u00e9s de tiers sur notre site web.<\/p>\r\n<p>Si une personne concern\u00e9e acc\u00e8de \u00e0 notre site web via une annonce Google, Google placera un cookie de conversion sur son syst\u00e8me informatique. Les cookies ont \u00e9t\u00e9 expliqu\u00e9s ci-dessus. Un cookie de conversion expire apr\u00e8s 30 jours et ne permet pas d&#8217;identifier la personne concern\u00e9e. Le cookie de conversion, s&#8217;il n&#8217;a pas encore expir\u00e9, permet de suivre les visites sur certaines sous-pages de notre site web, telles que le panier d&#8217;une boutique en ligne. Ce cookie nous permet, ainsi qu&#8217;\u00e0 Google, de d\u00e9terminer si une personne ayant acc\u00e9d\u00e9 \u00e0 notre site web via une annonce AdWords a g\u00e9n\u00e9r\u00e9 des ventes, c&#8217;est-\u00e0-dire finalis\u00e9 ou annul\u00e9 un achat.<\/p>\r\n<p>Les donn\u00e9es et informations collect\u00e9es gr\u00e2ce au cookie de conversion sont utilis\u00e9es par Google pour \u00e9tablir des statistiques de visites sur notre site web. Nous utilisons ensuite ces statistiques pour d\u00e9terminer le nombre total d&#8217;utilisateurs qui nous ont \u00e9t\u00e9 redirig\u00e9s via les annonces AdWords, c&#8217;est-\u00e0-dire pour \u00e9valuer le succ\u00e8s ou l&#8217;\u00e9chec de chaque annonce AdWords et pour optimiser nos annonces AdWords pour l&#8217;avenir. Ni notre soci\u00e9t\u00e9 ni les autres annonceurs Google AdWords ne re\u00e7oivent de Google des informations permettant d&#8217;identifier la personne concern\u00e9e.<\/p>\r\n<p>Le cookie de conversion est utilis\u00e9 pour stocker des informations personnelles, telles que les sites web visit\u00e9s par la personne concern\u00e9e. Par cons\u00e9quent, \u00e0 chaque visite sur notre site web, des donn\u00e9es personnelles, y compris l&#8217;adresse IP de la connexion internet utilis\u00e9e par la personne concern\u00e9e, sont transmises \u00e0 Google aux \u00c9tats-Unis. Ces donn\u00e9es personnelles sont stock\u00e9es par Google aux \u00c9tats-Unis. Google est susceptible de transmettre les donn\u00e9es personnelles collect\u00e9es gr\u00e2ce \u00e0 ce proc\u00e9d\u00e9 technique \u00e0 des tiers.<\/p>\r\n<p>Comme indiqu\u00e9 pr\u00e9c\u00e9demment, la personne concern\u00e9e peut \u00e0 tout moment emp\u00eacher l&#8217;installation de cookies via notre site web en param\u00e9trant son navigateur internet et ainsi s&#8217;opposer d\u00e9finitivement \u00e0 l&#8217;installation de cookies. Un tel param\u00e9trage emp\u00eacherait \u00e9galement Google d&#8217;installer un cookie de conversion sur son syst\u00e8me informatique. De plus, un cookie d\u00e9j\u00e0 install\u00e9 par Google AdWords peut \u00eatre supprim\u00e9 \u00e0 tout moment via son navigateur internet ou d&#8217;autres logiciels.<\/p>\r\n<p>En outre, la personne concern\u00e9e a la possibilit\u00e9 de s&#8217;opposer \u00e0 la publicit\u00e9 cibl\u00e9e par centres d&#8217;int\u00e9r\u00eat de Google. Pour ce faire, la personne concern\u00e9e doit consulter la page www.google.de\/settings\/ads dans chaque navigateur Internet utilis\u00e9 et y effectuer les r\u00e9glages souhait\u00e9s.<\/p>\r\n<p>De plus amples informations et la politique de confidentialit\u00e9 de Google sont disponibles \u00e0 l&#8217;adresse https:\/\/www.google.de\/intl\/de\/policies\/privacy\/.<\/p>\r\n<p><!-- \/wp:paragraph -->\u00a0<\/p>\r\n<!-- wp:heading {\"level\":4} -->\r\n<h4>12. Base juridique du traitement<\/h4>\r\n<!-- \/wp:heading -->\r\n<p><!-- wp:paragraph -->L&#8217;article 6 I, point a), du RGPD constitue la base juridique de notre entreprise pour les traitements pour lesquels nous obtenons le consentement \u00e0 une finalit\u00e9 sp\u00e9cifique. Si le traitement des donn\u00e9es personnelles est n\u00e9cessaire \u00e0 l&#8217;ex\u00e9cution d&#8217;un contrat auquel la personne concern\u00e9e est partie, comme c&#8217;est le cas, par exemple, des traitements n\u00e9cessaires \u00e0 la livraison de biens ou \u00e0 la prestation d&#8217;autres services ou contreparties, le traitement est bas\u00e9 sur l&#8217;article 6 I, point b), du RGPD. Il en va de m\u00eame pour les traitements n\u00e9cessaires \u00e0 la mise en \u0153uvre de mesures pr\u00e9contractuelles, par exemple en cas de demandes de renseignements sur nos produits ou services. Si notre entreprise est soumise \u00e0 une obligation l\u00e9gale exigeant le traitement de donn\u00e9es personnelles, par exemple pour l&#8217;ex\u00e9cution d&#8217;obligations fiscales, le traitement est bas\u00e9 sur l&#8217;article 6 I, point c), du RGPD. Dans de rares cas, le traitement des donn\u00e9es personnelles peut \u00eatre n\u00e9cessaire \u00e0 la protection des int\u00e9r\u00eats vitaux de la personne concern\u00e9e ou d&#8217;une autre personne physique. Ce serait le cas, par exemple, si un visiteur \u00e9tait bless\u00e9 dans notre entreprise et que son nom, son \u00e2ge, ses coordonn\u00e9es d&#8217;assurance maladie ou d&#8217;autres informations vitales devaient \u00eatre transmis \u00e0 un m\u00e9decin, \u00e0 un h\u00f4pital ou \u00e0 d&#8217;autres tiers. Dans ce cas, le traitement serait fond\u00e9 sur l&#8217;article 6 I, point d), du RGPD. Enfin, les op\u00e9rations de traitement pourraient \u00eatre fond\u00e9es sur l&#8217;article 6 I, point f), du RGPD. Cette base juridique est utilis\u00e9e pour les op\u00e9rations de traitement qui ne sont couvertes par aucun des fondements juridiques susmentionn\u00e9s, si le traitement est n\u00e9cessaire \u00e0 la protection d&#8217;un int\u00e9r\u00eat l\u00e9gitime de notre entreprise ou d&#8217;un tiers, \u00e0 condition que les int\u00e9r\u00eats, les droits fondamentaux et les libert\u00e9s de la personne concern\u00e9e ne pr\u00e9valent pas sur ces fondements. Nous sommes autoris\u00e9s \u00e0 effectuer de telles op\u00e9rations de traitement, notamment parce qu&#8217;elles ont \u00e9t\u00e9 express\u00e9ment mentionn\u00e9es par le l\u00e9gislateur europ\u00e9en. \u00c0 cet \u00e9gard, le l\u00e9gislateur a estim\u00e9 qu&#8217;un int\u00e9r\u00eat l\u00e9gitime pouvait \u00eatre pr\u00e9sum\u00e9 si la personne concern\u00e9e est un client du responsable du traitement (consid\u00e9rant 47, phrase 2 du RGPD).<\/p>\r\n<p><!-- \/wp:paragraph -->\u00a0<\/p>\r\n<!-- wp:heading {\"level\":4} -->\r\n<h4>13. Int\u00e9r\u00eats l\u00e9gitimes au traitement poursuivis par le responsable du traitement ou un tiers<\/h4>\r\n<!-- \/wp:heading -->\r\n<p><!-- wp:paragraph -->Si le traitement des donn\u00e9es personnelles est bas\u00e9 sur l\u2019article 6(1)(f) du RGPD, notre int\u00e9r\u00eat l\u00e9gitime est la conduite de nos activit\u00e9s commerciales au profit du bien-\u00eatre de tous nos employ\u00e9s et de nos actionnaires.<\/p>\r\n<p><!-- \/wp:paragraph -->\u00a0<\/p>\r\n<!-- wp:heading {\"level\":4} -->\r\n<h4>14. Dur\u00e9e pendant laquelle les donn\u00e9es personnelles seront conserv\u00e9es<\/h4>\r\n<!-- \/wp:heading -->\r\n<p><!-- wp:paragraph -->Le crit\u00e8re de dur\u00e9e de conservation des donn\u00e9es personnelles est la dur\u00e9e de conservation l\u00e9gale correspondante. Pass\u00e9 ce d\u00e9lai, les donn\u00e9es correspondantes seront syst\u00e9matiquement supprim\u00e9es, sauf si elles ne sont plus n\u00e9cessaires \u00e0 l&#8217;ex\u00e9cution ou \u00e0 la conclusion d&#8217;un contrat.<\/p>\r\n<p><!-- \/wp:paragraph -->\u00a0<\/p>\r\n<!-- wp:heading {\"level\":4} -->\r\n<h4>15. Dispositions l\u00e9gales ou contractuelles relatives \u00e0 la fourniture de donn\u00e9es personnelles ; n\u00e9cessit\u00e9 de la conclusion du contrat ; obligation de la personne concern\u00e9e de fournir les donn\u00e9es personnelles ; cons\u00e9quences possibles de la non-fourniture<\/h4>\r\n<!-- \/wp:heading -->\r\n<p><!-- wp:paragraph -->Nous tenons \u00e0 pr\u00e9ciser que la fourniture de donn\u00e9es personnelles est parfois requise par la loi (par exemple, la r\u00e9glementation fiscale) ou peut \u00e9galement d\u00e9couler de dispositions contractuelles (par exemple, les informations sur le partenaire contractuel). Il peut parfois \u00eatre n\u00e9cessaire pour une personne concern\u00e9e de nous fournir des donn\u00e9es personnelles afin de conclure un contrat, que nous devons ensuite traiter. Par exemple, la personne concern\u00e9e est tenue de nous fournir des donn\u00e9es personnelles si notre entreprise conclut un contrat avec elle. Le d\u00e9faut de fourniture des donn\u00e9es personnelles entra\u00eenerait l&#8217;impossibilit\u00e9 de conclure le contrat. Avant de fournir des donn\u00e9es personnelles, la personne concern\u00e9e doit contacter l&#8217;un de nos collaborateurs. Notre collaborateur clarifiera avec la personne concern\u00e9e au cas par cas si la fourniture des donn\u00e9es personnelles est requise par la loi ou le contrat, ou si elle est n\u00e9cessaire \u00e0 la conclusion du contrat, s&#8217;il existe une obligation de fournir les donn\u00e9es personnelles et quelles seraient les cons\u00e9quences de la non-fourniture des donn\u00e9es personnelles.<\/p>\r\n<p><!-- \/wp:paragraph -->\u00a0<\/p>\r\n<!-- wp:heading {\"level\":4} -->\r\n<h4>16. Existence d&#8217;une prise de d\u00e9cision automatis\u00e9e<\/h4>\r\n<!-- \/wp:heading -->\r\n<p><!-- wp:paragraph -->En tant qu&#8217;entreprise responsable, nous n&#8217;utilisons pas de prise de d\u00e9cision automatis\u00e9e ni de profilage.<\/p>\r\n<!-- \/wp:paragraph -->\r\n<p>&nbsp;<\/p>\r\n<p>[\/vc_column_text][\/vc_column][\/vc_row]<\/p><\/div>","protected":false},"excerpt":{"rendered":"<p>[vc_row][vc_column][vc_column_text css=&#8221;&#8221;] &nbsp; Nous nous r\u00e9jouissons de l&#8217;int\u00e9r\u00eat que vous portez \u00e0 notre entreprise. La protection des donn\u00e9es rev\u00eat une importance particuli\u00e8re pour la direction de LARA e.U. Georg Kronthaler. L&#8217;utilisation du site web de LARA e.U. Georg Kronthaler est g\u00e9n\u00e9ralement possible sans fournir de donn\u00e9es personnelles. Toutefois, si une personne concern\u00e9e souhaite utiliser des [&hellip;]<\/p>\n","protected":false},"author":6,"featured_media":20387,"parent":0,"menu_order":0,"comment_status":"closed","ping_status":"closed","template":"","meta":{"footnotes":""},"class_list":["post-20504","page","type-page","status-publish","has-post-thumbnail","hentry"],"_links":{"self":[{"href":"https:\/\/lara-app.com\/fr\/wp-json\/wp\/v2\/pages\/20504","targetHints":{"allow":["GET"]}}],"collection":[{"href":"https:\/\/lara-app.com\/fr\/wp-json\/wp\/v2\/pages"}],"about":[{"href":"https:\/\/lara-app.com\/fr\/wp-json\/wp\/v2\/types\/page"}],"author":[{"embeddable":true,"href":"https:\/\/lara-app.com\/fr\/wp-json\/wp\/v2\/users\/6"}],"replies":[{"embeddable":true,"href":"https:\/\/lara-app.com\/fr\/wp-json\/wp\/v2\/comments?post=20504"}],"version-history":[{"count":0,"href":"https:\/\/lara-app.com\/fr\/wp-json\/wp\/v2\/pages\/20504\/revisions"}],"wp:featuredmedia":[{"embeddable":true,"href":"https:\/\/lara-app.com\/fr\/wp-json\/wp\/v2\/media\/20387"}],"wp:attachment":[{"href":"https:\/\/lara-app.com\/fr\/wp-json\/wp\/v2\/media?parent=20504"}],"curies":[{"name":"wp","href":"https:\/\/api.w.org\/{rel}","templated":true}]}}